{"id":6533,"date":"2020-03-25T13:53:56","date_gmt":"2020-03-25T12:53:56","guid":{"rendered":"https:\/\/rideon.es\/de\/?page_id=6533"},"modified":"2020-04-20T14:05:38","modified_gmt":"2020-04-20T12:05:38","slug":"motorradverleih-mallorca-langzeitunternehmen","status":"publish","type":"page","link":"https:\/\/rideon.es\/de\/motorradverleih-mallorca-langzeitunternehmen\/","title":{"rendered":"Motorradverleih Mallorca Langzeitunternehmen"},"content":{"rendered":"\t\t<div data-elementor-type=\"wp-page\" data-elementor-id=\"6533\" class=\"elementor elementor-6533\" data-elementor-post-type=\"page\">\n\t\t\t\t\t\t<section class=\"elementor-section elementor-top-section elementor-element elementor-element-5a1c5144 elementor-section-stretched elementor-section-height-min-height rideon-block-cabecera_renting elementor-section-boxed elementor-section-height-default elementor-section-items-middle\" data-id=\"5a1c5144\" data-element_type=\"section\" data-e-type=\"section\" data-settings=\"{&quot;stretch_section&quot;:&quot;section-stretched&quot;,&quot;background_background&quot;:&quot;classic&quot;}\">\n\t\t\t\t\t\t\t<div class=\"elementor-background-overlay\"><\/div>\n\t\t\t\t\t\t\t<div class=\"elementor-container elementor-column-gap-default\">\n\t\t\t\t\t<div class=\"elementor-column elementor-col-50 elementor-top-column elementor-element elementor-element-44b8c4eb\" data-id=\"44b8c4eb\" data-element_type=\"column\" data-e-type=\"column\">\n\t\t\t<div class=\"elementor-widget-wrap\">\n\t\t\t\t\t\t\t<\/div>\n\t\t<\/div>\n\t\t\t\t<div class=\"elementor-column elementor-col-50 elementor-top-column elementor-element elementor-element-40e7e849\" data-id=\"40e7e849\" data-element_type=\"column\" data-e-type=\"column\">\n\t\t\t<div class=\"elementor-widget-wrap\">\n\t\t\t\t\t\t\t<\/div>\n\t\t<\/div>\n\t\t\t\t\t<\/div>\n\t\t<\/section>\n\t\t\t\t<section class=\"elementor-section elementor-top-section elementor-element elementor-element-76890334 rideon-block-renting elementor-section-boxed elementor-section-height-default elementor-section-height-default\" data-id=\"76890334\" data-element_type=\"section\" data-e-type=\"section\">\n\t\t\t\t\t\t<div class=\"elementor-container elementor-column-gap-default\">\n\t\t\t\t\t<div class=\"elementor-column elementor-col-100 elementor-top-column elementor-element elementor-element-4ae504de\" data-id=\"4ae504de\" data-element_type=\"column\" data-e-type=\"column\">\n\t\t\t<div class=\"elementor-widget-wrap elementor-element-populated\">\n\t\t\t\t\t\t<div class=\"elementor-element elementor-element-6b76c204 elementor-hidden-phone elementor-hidden-tablet elementor-widget elementor-widget-spacer\" data-id=\"6b76c204\" data-element_type=\"widget\" data-e-type=\"widget\" data-widget_type=\"spacer.default\">\n\t\t\t\t<div class=\"elementor-widget-container\">\n\t\t\t\t\t\t\t<div class=\"elementor-spacer\">\n\t\t\t<div class=\"elementor-spacer-inner\"><\/div>\n\t\t<\/div>\n\t\t\t\t\t\t<\/div>\n\t\t\t\t<\/div>\n\t\t\t\t<section class=\"elementor-section elementor-inner-section elementor-element elementor-element-5a4ece02 elementor-section-boxed elementor-section-height-default elementor-section-height-default\" data-id=\"5a4ece02\" data-element_type=\"section\" data-e-type=\"section\">\n\t\t\t\t\t\t<div class=\"elementor-container elementor-column-gap-default\">\n\t\t\t\t\t<div class=\"elementor-column elementor-col-100 elementor-inner-column elementor-element elementor-element-d8f76be\" data-id=\"d8f76be\" data-element_type=\"column\" data-e-type=\"column\">\n\t\t\t<div class=\"elementor-widget-wrap elementor-element-populated\">\n\t\t\t\t\t\t<div class=\"elementor-element elementor-element-7f79c27a elementor-widget elementor-widget-heading\" data-id=\"7f79c27a\" data-element_type=\"widget\" data-e-type=\"widget\" data-widget_type=\"heading.default\">\n\t\t\t\t<div class=\"elementor-widget-container\">\n\t\t\t\t\t<h2 class=\"elementor-heading-title elementor-size-default\">Motorradverleih f\u00fcr Unternehmen auf Mallorca<\/h2>\t\t\t\t<\/div>\n\t\t\t\t<\/div>\n\t\t\t\t<div class=\"elementor-element elementor-element-86002c2 elementor-widget elementor-widget-text-editor\" data-id=\"86002c2\" data-element_type=\"widget\" data-e-type=\"widget\" data-widget_type=\"text-editor.default\">\n\t\t\t\t<div class=\"elementor-widget-container\">\n\t\t\t\t\t\t\t\t\t<p>Suchen Sie ein Motorrad f\u00fcr Ihr Unternehmen? Wir haben die L\u00f6sung f\u00fcr Fachleute, Freiberufler und Unternehmen, die eine Mobilit\u00e4tsl\u00f6sung f\u00fcr ihre Mitarbeiter und Angestellten suchen. Dank Motorradverleih f\u00fcr Unternehmen k\u00f6nnen Sie viele Vorteile genie\u00dfen.<\/p>\t\t\t\t\t\t\t\t<\/div>\n\t\t\t\t<\/div>\n\t\t\t\t<div class=\"elementor-element elementor-element-6ba7141d elementor-widget-divider--view-line elementor-widget elementor-widget-divider\" data-id=\"6ba7141d\" data-element_type=\"widget\" data-e-type=\"widget\" data-widget_type=\"divider.default\">\n\t\t\t\t<div class=\"elementor-widget-container\">\n\t\t\t\t\t\t\t<div class=\"elementor-divider\">\n\t\t\t<span class=\"elementor-divider-separator\">\n\t\t\t\t\t\t<\/span>\n\t\t<\/div>\n\t\t\t\t\t\t<\/div>\n\t\t\t\t<\/div>\n\t\t\t\t\t<\/div>\n\t\t<\/div>\n\t\t\t\t\t<\/div>\n\t\t<\/section>\n\t\t\t\t\t<\/div>\n\t\t<\/div>\n\t\t\t\t\t<\/div>\n\t\t<\/section>\n\t\t\t\t<section class=\"elementor-section elementor-top-section elementor-element elementor-element-49f2bab3 elementor-section-stretched elementor-section-boxed elementor-section-height-default elementor-section-height-default\" data-id=\"49f2bab3\" data-element_type=\"section\" data-e-type=\"section\" data-settings=\"{&quot;stretch_section&quot;:&quot;section-stretched&quot;,&quot;background_background&quot;:&quot;classic&quot;}\">\n\t\t\t\t\t\t<div class=\"elementor-container elementor-column-gap-default\">\n\t\t\t\t\t<div class=\"elementor-column elementor-col-25 elementor-top-column elementor-element elementor-element-6870b0b1\" data-id=\"6870b0b1\" data-element_type=\"column\" data-e-type=\"column\">\n\t\t\t<div class=\"elementor-widget-wrap elementor-element-populated\">\n\t\t\t\t\t\t<div class=\"elementor-element elementor-element-517ed361 elementor-position-inline-start elementor-view-default elementor-mobile-position-block-start elementor-widget elementor-widget-icon-box\" data-id=\"517ed361\" data-element_type=\"widget\" data-e-type=\"widget\" data-widget_type=\"icon-box.default\">\n\t\t\t\t<div class=\"elementor-widget-container\">\n\t\t\t\t\t\t\t<div class=\"elementor-icon-box-wrapper\">\n\n\t\t\t\t\t\t<div class=\"elementor-icon-box-icon\">\n\t\t\t\t<span  class=\"elementor-icon\">\n\t\t\t\t<i aria-hidden=\"true\" class=\"far fa-file-alt\"><\/i>\t\t\t\t<\/span>\n\t\t\t<\/div>\n\t\t\t\n\t\t\t\t\t\t<div class=\"elementor-icon-box-content\">\n\n\t\t\t\t\t\t\t\t\t<h3 class=\"elementor-icon-box-title\">\n\t\t\t\t\t\t<span  >\n\t\t\t\t\t\t\tSteuervorteile\t\t\t\t\t\t<\/span>\n\t\t\t\t\t<\/h3>\n\t\t\t\t\n\t\t\t\t\n\t\t\t<\/div>\n\t\t\t\n\t\t<\/div>\n\t\t\t\t\t\t<\/div>\n\t\t\t\t<\/div>\n\t\t\t\t\t<\/div>\n\t\t<\/div>\n\t\t\t\t<div class=\"elementor-column elementor-col-25 elementor-top-column elementor-element elementor-element-aadb86d\" data-id=\"aadb86d\" data-element_type=\"column\" data-e-type=\"column\">\n\t\t\t<div class=\"elementor-widget-wrap elementor-element-populated\">\n\t\t\t\t\t\t<div class=\"elementor-element elementor-element-7187fb12 elementor-position-inline-start elementor-view-default elementor-mobile-position-block-start elementor-widget elementor-widget-icon-box\" data-id=\"7187fb12\" data-element_type=\"widget\" data-e-type=\"widget\" data-widget_type=\"icon-box.default\">\n\t\t\t\t<div class=\"elementor-widget-container\">\n\t\t\t\t\t\t\t<div class=\"elementor-icon-box-wrapper\">\n\n\t\t\t\t\t\t<div class=\"elementor-icon-box-icon\">\n\t\t\t\t<span  class=\"elementor-icon\">\n\t\t\t\t<i aria-hidden=\"true\" class=\"fas fa-signal\"><\/i>\t\t\t\t<\/span>\n\t\t\t<\/div>\n\t\t\t\n\t\t\t\t\t\t<div class=\"elementor-icon-box-content\">\n\n\t\t\t\t\t\t\t\t\t<h3 class=\"elementor-icon-box-title\">\n\t\t\t\t\t\t<span  >\n\t\t\t\t\t\t\tSteigern Sie Ihre Flotte schnell\t\t\t\t\t\t<\/span>\n\t\t\t\t\t<\/h3>\n\t\t\t\t\n\t\t\t\t\n\t\t\t<\/div>\n\t\t\t\n\t\t<\/div>\n\t\t\t\t\t\t<\/div>\n\t\t\t\t<\/div>\n\t\t\t\t\t<\/div>\n\t\t<\/div>\n\t\t\t\t<div class=\"elementor-column elementor-col-25 elementor-top-column elementor-element elementor-element-7cefdb4\" data-id=\"7cefdb4\" data-element_type=\"column\" data-e-type=\"column\">\n\t\t\t<div class=\"elementor-widget-wrap elementor-element-populated\">\n\t\t\t\t\t\t<div class=\"elementor-element elementor-element-737cbefb elementor-position-inline-start elementor-view-default elementor-mobile-position-block-start elementor-widget elementor-widget-icon-box\" data-id=\"737cbefb\" data-element_type=\"widget\" data-e-type=\"widget\" data-widget_type=\"icon-box.default\">\n\t\t\t\t<div class=\"elementor-widget-container\">\n\t\t\t\t\t\t\t<div class=\"elementor-icon-box-wrapper\">\n\n\t\t\t\t\t\t<div class=\"elementor-icon-box-icon\">\n\t\t\t\t<span  class=\"elementor-icon\">\n\t\t\t\t<i aria-hidden=\"true\" class=\"fas fa-paint-brush\"><\/i>\t\t\t\t<\/span>\n\t\t\t<\/div>\n\t\t\t\n\t\t\t\t\t\t<div class=\"elementor-icon-box-content\">\n\n\t\t\t\t\t\t\t\t\t<h3 class=\"elementor-icon-box-title\">\n\t\t\t\t\t\t<span  >\n\t\t\t\t\t\t\tAnpassungsoptionen\t\t\t\t\t\t<\/span>\n\t\t\t\t\t<\/h3>\n\t\t\t\t\n\t\t\t\t\n\t\t\t<\/div>\n\t\t\t\n\t\t<\/div>\n\t\t\t\t\t\t<\/div>\n\t\t\t\t<\/div>\n\t\t\t\t\t<\/div>\n\t\t<\/div>\n\t\t\t\t<div class=\"elementor-column elementor-col-25 elementor-top-column elementor-element elementor-element-46b16896\" data-id=\"46b16896\" data-element_type=\"column\" data-e-type=\"column\">\n\t\t\t<div class=\"elementor-widget-wrap elementor-element-populated\">\n\t\t\t\t\t\t<div class=\"elementor-element elementor-element-6c0307bc elementor-position-inline-start elementor-view-default elementor-mobile-position-block-start elementor-widget elementor-widget-icon-box\" data-id=\"6c0307bc\" data-element_type=\"widget\" data-e-type=\"widget\" data-widget_type=\"icon-box.default\">\n\t\t\t\t<div class=\"elementor-widget-container\">\n\t\t\t\t\t\t\t<div class=\"elementor-icon-box-wrapper\">\n\n\t\t\t\t\t\t<div class=\"elementor-icon-box-icon\">\n\t\t\t\t<span  class=\"elementor-icon\">\n\t\t\t\t<i aria-hidden=\"true\" class=\"fas fa-briefcase\"><\/i>\t\t\t\t<\/span>\n\t\t\t<\/div>\n\t\t\t\n\t\t\t\t\t\t<div class=\"elementor-icon-box-content\">\n\n\t\t\t\t\t\t\t\t\t<h3 class=\"elementor-icon-box-title\">\n\t\t\t\t\t\t<span  >\n\t\t\t\t\t\t\tOptionaler Lieferkoffer\t\t\t\t\t\t<\/span>\n\t\t\t\t\t<\/h3>\n\t\t\t\t\n\t\t\t\t\n\t\t\t<\/div>\n\t\t\t\n\t\t<\/div>\n\t\t\t\t\t\t<\/div>\n\t\t\t\t<\/div>\n\t\t\t\t\t<\/div>\n\t\t<\/div>\n\t\t\t\t\t<\/div>\n\t\t<\/section>\n\t\t\t\t<section class=\"elementor-section elementor-top-section elementor-element elementor-element-3d6bbe3a elementor-section-stretched elementor-section-boxed elementor-section-height-default elementor-section-height-default\" data-id=\"3d6bbe3a\" data-element_type=\"section\" data-e-type=\"section\" data-settings=\"{&quot;stretch_section&quot;:&quot;section-stretched&quot;,&quot;background_background&quot;:&quot;classic&quot;}\">\n\t\t\t\t\t\t<div class=\"elementor-container elementor-column-gap-default\">\n\t\t\t\t\t<div class=\"elementor-column elementor-col-20 elementor-top-column elementor-element elementor-element-51d85b70\" data-id=\"51d85b70\" data-element_type=\"column\" data-e-type=\"column\">\n\t\t\t<div class=\"elementor-widget-wrap elementor-element-populated\">\n\t\t\t\t\t\t<div class=\"elementor-element elementor-element-d45715e elementor-widget elementor-widget-heading\" data-id=\"d45715e\" data-element_type=\"widget\" data-e-type=\"widget\" data-widget_type=\"heading.default\">\n\t\t\t\t<div class=\"elementor-widget-container\">\n\t\t\t\t\t<h4 class=\"elementor-heading-title elementor-size-default\">Ride On MALLORCA<\/h4>\t\t\t\t<\/div>\n\t\t\t\t<\/div>\n\t\t\t\t<div class=\"elementor-element elementor-element-1208262 elementor-widget elementor-widget-text-editor\" data-id=\"1208262\" data-element_type=\"widget\" data-e-type=\"widget\" data-widget_type=\"text-editor.default\">\n\t\t\t\t<div class=\"elementor-widget-container\">\n\t\t\t\t\t\t\t\t\tCarrer d\u2019Espartero, 13\n07014 Palma de Mallorca\t\t\t\t\t\t\t\t<\/div>\n\t\t\t\t<\/div>\n\t\t\t\t\t<\/div>\n\t\t<\/div>\n\t\t\t\t<div class=\"elementor-column elementor-col-20 elementor-top-column elementor-element elementor-element-3ab0f501\" data-id=\"3ab0f501\" data-element_type=\"column\" data-e-type=\"column\">\n\t\t\t<div class=\"elementor-widget-wrap elementor-element-populated\">\n\t\t\t\t\t\t<div class=\"elementor-element elementor-element-3a942b5a elementor-view-default elementor-position-block-start elementor-mobile-position-block-start elementor-widget elementor-widget-icon-box\" data-id=\"3a942b5a\" data-element_type=\"widget\" data-e-type=\"widget\" data-widget_type=\"icon-box.default\">\n\t\t\t\t<div class=\"elementor-widget-container\">\n\t\t\t\t\t\t\t<div class=\"elementor-icon-box-wrapper\">\n\n\t\t\t\t\t\t<div class=\"elementor-icon-box-icon\">\n\t\t\t\t<span  class=\"elementor-icon\">\n\t\t\t\t<i aria-hidden=\"true\" class=\"fas fa-phone-alt\"><\/i>\t\t\t\t<\/span>\n\t\t\t<\/div>\n\t\t\t\n\t\t\t\t\t\t<div class=\"elementor-icon-box-content\">\n\n\t\t\t\t\t\t\t\t\t<span class=\"elementor-icon-box-title\">\n\t\t\t\t\t\t<span  >\n\t\t\t\t\t\t\t+34 690 730 910\t\t\t\t\t\t<\/span>\n\t\t\t\t\t<\/span>\n\t\t\t\t\n\t\t\t\t\n\t\t\t<\/div>\n\t\t\t\n\t\t<\/div>\n\t\t\t\t\t\t<\/div>\n\t\t\t\t<\/div>\n\t\t\t\t\t<\/div>\n\t\t<\/div>\n\t\t\t\t<div class=\"elementor-column elementor-col-20 elementor-top-column elementor-element elementor-element-63a18367\" data-id=\"63a18367\" data-element_type=\"column\" data-e-type=\"column\">\n\t\t\t<div class=\"elementor-widget-wrap elementor-element-populated\">\n\t\t\t\t\t\t<div class=\"elementor-element elementor-element-3bd8cb64 elementor-view-default elementor-position-block-start elementor-mobile-position-block-start elementor-widget elementor-widget-icon-box\" data-id=\"3bd8cb64\" data-element_type=\"widget\" data-e-type=\"widget\" data-widget_type=\"icon-box.default\">\n\t\t\t\t<div class=\"elementor-widget-container\">\n\t\t\t\t\t\t\t<div class=\"elementor-icon-box-wrapper\">\n\n\t\t\t\t\t\t<div class=\"elementor-icon-box-icon\">\n\t\t\t\t<a href=\"mailto:mallorca@rideon.es\" class=\"elementor-icon\" tabindex=\"-1\" aria-label=\"mallorca@rideon.es\">\n\t\t\t\t<i aria-hidden=\"true\" class=\"fas fa-envelope\"><\/i>\t\t\t\t<\/a>\n\t\t\t<\/div>\n\t\t\t\n\t\t\t\t\t\t<div class=\"elementor-icon-box-content\">\n\n\t\t\t\t\t\t\t\t\t<span class=\"elementor-icon-box-title\">\n\t\t\t\t\t\t<a href=\"mailto:mallorca@rideon.es\" >\n\t\t\t\t\t\t\tmallorca@rideon.es\t\t\t\t\t\t<\/a>\n\t\t\t\t\t<\/span>\n\t\t\t\t\n\t\t\t\t\n\t\t\t<\/div>\n\t\t\t\n\t\t<\/div>\n\t\t\t\t\t\t<\/div>\n\t\t\t\t<\/div>\n\t\t\t\t\t<\/div>\n\t\t<\/div>\n\t\t\t\t<div class=\"elementor-column elementor-col-20 elementor-top-column elementor-element elementor-element-6bedfab8\" data-id=\"6bedfab8\" data-element_type=\"column\" data-e-type=\"column\">\n\t\t\t<div class=\"elementor-widget-wrap elementor-element-populated\">\n\t\t\t\t\t\t<div class=\"elementor-element elementor-element-247688a4 elementor-widget elementor-widget-text-editor\" data-id=\"247688a4\" data-element_type=\"widget\" data-e-type=\"widget\" data-widget_type=\"text-editor.default\">\n\t\t\t\t<div class=\"elementor-widget-container\">\n\t\t\t\t\t\t\t\t\t<p>Montag bis Sonntag<br \/>09:00h \u2013 14:00h<br \/>16:00h \u2013 18:00h<br \/>Samstags<br \/>09:00h \u2013 14:00h<br \/>Sonntags geschlossen<\/p>\t\t\t\t\t\t\t\t<\/div>\n\t\t\t\t<\/div>\n\t\t\t\t\t<\/div>\n\t\t<\/div>\n\t\t\t\t<div class=\"elementor-column elementor-col-20 elementor-top-column elementor-element elementor-element-4a60ab25\" data-id=\"4a60ab25\" data-element_type=\"column\" data-e-type=\"column\">\n\t\t\t<div class=\"elementor-widget-wrap elementor-element-populated\">\n\t\t\t\t\t\t<div class=\"elementor-element elementor-element-7457e391 elementor-mobile-align-center elementor-align-right elementor-widget elementor-widget-button\" data-id=\"7457e391\" data-element_type=\"widget\" data-e-type=\"widget\" data-widget_type=\"button.default\">\n\t\t\t\t<div class=\"elementor-widget-container\">\n\t\t\t\t\t\t\t\t\t<div class=\"elementor-button-wrapper\">\n\t\t\t\t\t<a class=\"elementor-button elementor-button-link elementor-size-xs\" href=\"https:\/\/g.page\/rideonmallorca?share\">\n\t\t\t\t\t\t<span class=\"elementor-button-content-wrapper\">\n\t\t\t\t\t\t\t\t\t<span class=\"elementor-button-text\">Google Maps<\/span>\n\t\t\t\t\t<\/span>\n\t\t\t\t\t<\/a>\n\t\t\t\t<\/div>\n\t\t\t\t\t\t\t\t<\/div>\n\t\t\t\t<\/div>\n\t\t\t\t\t<\/div>\n\t\t<\/div>\n\t\t\t\t\t<\/div>\n\t\t<\/section>\n\t\t\t\t<section class=\"elementor-section elementor-top-section elementor-element elementor-element-4e1db3a3 rideon-block-incluidos_comun elementor-section-boxed elementor-section-height-default elementor-section-height-default\" data-id=\"4e1db3a3\" data-element_type=\"section\" data-e-type=\"section\">\n\t\t\t\t\t\t<div class=\"elementor-container elementor-column-gap-default\">\n\t\t\t\t\t<div class=\"elementor-column elementor-col-100 elementor-top-column elementor-element elementor-element-45f9a1e9\" data-id=\"45f9a1e9\" data-element_type=\"column\" data-e-type=\"column\">\n\t\t\t<div class=\"elementor-widget-wrap elementor-element-populated\">\n\t\t\t\t\t\t<div class=\"elementor-element elementor-element-f884e22 elementor-widget elementor-widget-spacer\" data-id=\"f884e22\" data-element_type=\"widget\" data-e-type=\"widget\" data-widget_type=\"spacer.default\">\n\t\t\t\t<div class=\"elementor-widget-container\">\n\t\t\t\t\t\t\t<div class=\"elementor-spacer\">\n\t\t\t<div class=\"elementor-spacer-inner\"><\/div>\n\t\t<\/div>\n\t\t\t\t\t\t<\/div>\n\t\t\t\t<\/div>\n\t\t\t\t<div class=\"elementor-element elementor-element-2a0ffbcc elementor-widget elementor-widget-heading\" data-id=\"2a0ffbcc\" data-element_type=\"widget\" data-e-type=\"widget\" data-widget_type=\"heading.default\">\n\t\t\t\t<div class=\"elementor-widget-container\">\n\t\t\t\t\t<h2 class=\"elementor-heading-title elementor-size-default\">In Ihrer Reservierung enthalten<\/h2>\t\t\t\t<\/div>\n\t\t\t\t<\/div>\n\t\t\t\t<section class=\"elementor-section elementor-inner-section elementor-element elementor-element-38f4c25b elementor-section-boxed elementor-section-height-default elementor-section-height-default\" data-id=\"38f4c25b\" data-element_type=\"section\" data-e-type=\"section\" data-settings=\"{&quot;background_background&quot;:&quot;classic&quot;}\">\n\t\t\t\t\t\t<div class=\"elementor-container elementor-column-gap-default\">\n\t\t\t\t\t<div class=\"elementor-column elementor-col-33 elementor-inner-column elementor-element elementor-element-705ea077\" data-id=\"705ea077\" data-element_type=\"column\" data-e-type=\"column\" data-settings=\"{&quot;background_background&quot;:&quot;classic&quot;}\">\n\t\t\t<div class=\"elementor-widget-wrap elementor-element-populated\">\n\t\t\t\t\t\t<div class=\"elementor-element elementor-element-9cdfe39 elementor-widget elementor-widget-text-editor\" data-id=\"9cdfe39\" data-element_type=\"widget\" data-e-type=\"widget\" data-widget_type=\"text-editor.default\">\n\t\t\t\t<div class=\"elementor-widget-container\">\n\t\t\t\t\t\t\t\t\t<h4><i class=\"fa fa-shield\" aria-hidden=\"true\"><\/i> Versicherung inklusive<\/h4><h4><i class=\"fa fa-thumbs-o-up\" aria-hidden=\"true\"><\/i>\u00a0\u00a01 Helm<\/h4>\t\t\t\t\t\t\t\t<\/div>\n\t\t\t\t<\/div>\n\t\t\t\t\t<\/div>\n\t\t<\/div>\n\t\t\t\t<div class=\"elementor-column elementor-col-33 elementor-inner-column elementor-element elementor-element-6503e44b\" data-id=\"6503e44b\" data-element_type=\"column\" data-e-type=\"column\" data-settings=\"{&quot;background_background&quot;:&quot;classic&quot;}\">\n\t\t\t<div class=\"elementor-widget-wrap elementor-element-populated\">\n\t\t\t\t\t\t<div class=\"elementor-element elementor-element-6ff47e4e elementor-widget elementor-widget-text-editor\" data-id=\"6ff47e4e\" data-element_type=\"widget\" data-e-type=\"widget\" data-widget_type=\"text-editor.default\">\n\t\t\t\t<div class=\"elementor-widget-container\">\n\t\t\t\t\t\t\t\t\t<h4><i class=\"fa fa-wrench\" aria-hidden=\"true\"><\/i> Monatliche Wartung<\/h4><h4><i class=\"fa fa-unlock-alt\" aria-hidden=\"true\"><\/i> Vorh\u00e4ngeschloss enthalten<\/h4><h4><i class=\"fa fa-suitcase\" aria-hidden=\"true\"><\/i> Standard Kofferraum enthalten<\/h4>\t\t\t\t\t\t\t\t<\/div>\n\t\t\t\t<\/div>\n\t\t\t\t\t<\/div>\n\t\t<\/div>\n\t\t\t\t<div class=\"elementor-column elementor-col-33 elementor-inner-column elementor-element elementor-element-34ee4bc0\" data-id=\"34ee4bc0\" data-element_type=\"column\" data-e-type=\"column\" data-settings=\"{&quot;background_background&quot;:&quot;classic&quot;}\">\n\t\t\t<div class=\"elementor-widget-wrap elementor-element-populated\">\n\t\t\t\t\t\t<div class=\"elementor-element elementor-element-4f1808ee elementor-widget elementor-widget-text-editor\" data-id=\"4f1808ee\" data-element_type=\"widget\" data-e-type=\"widget\" data-widget_type=\"text-editor.default\">\n\t\t\t\t<div class=\"elementor-widget-container\">\n\t\t\t\t\t\t\t\t\t<h4><i class=\"fa fa-headphones\" aria-hidden=\"true\"><\/i> Pannenhilfe<\/h4><h4><i class=\"fa fa-motorcycle\" aria-hidden=\"true\"><\/i> Ersatzfahrzeug<\/h4>\t\t\t\t\t\t\t\t<\/div>\n\t\t\t\t<\/div>\n\t\t\t\t\t<\/div>\n\t\t<\/div>\n\t\t\t\t\t<\/div>\n\t\t<\/section>\n\t\t\t\t<div class=\"elementor-element elementor-element-2b54810f elementor-hidden-tablet elementor-hidden-phone elementor-widget elementor-widget-spacer\" data-id=\"2b54810f\" data-element_type=\"widget\" data-e-type=\"widget\" data-widget_type=\"spacer.default\">\n\t\t\t\t<div class=\"elementor-widget-container\">\n\t\t\t\t\t\t\t<div class=\"elementor-spacer\">\n\t\t\t<div class=\"elementor-spacer-inner\"><\/div>\n\t\t<\/div>\n\t\t\t\t\t\t<\/div>\n\t\t\t\t<\/div>\n\t\t\t\t\t<\/div>\n\t\t<\/div>\n\t\t\t\t\t<\/div>\n\t\t<\/section>\n\t\t\t\t<section class=\"elementor-section elementor-top-section elementor-element elementor-element-1e5735fd elementor-section-stretched rideon-block-flota elementor-section-boxed elementor-section-height-default elementor-section-height-default\" data-id=\"1e5735fd\" data-element_type=\"section\" data-e-type=\"section\" data-settings=\"{&quot;stretch_section&quot;:&quot;section-stretched&quot;,&quot;background_background&quot;:&quot;classic&quot;}\">\n\t\t\t\t\t\t<div class=\"elementor-container elementor-column-gap-default\">\n\t\t\t\t\t<div class=\"elementor-column elementor-col-100 elementor-top-column elementor-element elementor-element-a24a5a8\" data-id=\"a24a5a8\" data-element_type=\"column\" data-e-type=\"column\">\n\t\t\t<div class=\"elementor-widget-wrap elementor-element-populated\">\n\t\t\t\t\t\t<div class=\"elementor-element elementor-element-5222c929 elementor-widget elementor-widget-spacer\" data-id=\"5222c929\" data-element_type=\"widget\" data-e-type=\"widget\" data-widget_type=\"spacer.default\">\n\t\t\t\t<div class=\"elementor-widget-container\">\n\t\t\t\t\t\t\t<div class=\"elementor-spacer\">\n\t\t\t<div class=\"elementor-spacer-inner\"><\/div>\n\t\t<\/div>\n\t\t\t\t\t\t<\/div>\n\t\t\t\t<\/div>\n\t\t\t\t<div class=\"elementor-element elementor-element-57ddc587 rideon-block-flota_title elementor-widget elementor-widget-heading\" data-id=\"57ddc587\" data-element_type=\"widget\" data-e-type=\"widget\" data-widget_type=\"heading.default\">\n\t\t\t\t<div class=\"elementor-widget-container\">\n\t\t\t\t\t<h2 class=\"elementor-heading-title elementor-size-default\">Unsere Fahrr\u00e4der<\/h2>\t\t\t\t<\/div>\n\t\t\t\t<\/div>\n\t\t\t\t<div class=\"elementor-element elementor-element-65034810 rideon-block-motos_carrusel elementor-pagination-position-outside elementor-widget elementor-widget-image-carousel\" data-id=\"65034810\" data-element_type=\"widget\" data-e-type=\"widget\" data-settings=\"{&quot;slides_to_show&quot;:&quot;3&quot;,&quot;slides_to_show_mobile&quot;:&quot;1&quot;,&quot;slides_to_scroll&quot;:&quot;3&quot;,&quot;navigation&quot;:&quot;dots&quot;,&quot;image_spacing_custom&quot;:{&quot;unit&quot;:&quot;px&quot;,&quot;size&quot;:0,&quot;sizes&quot;:[]},&quot;autoplay&quot;:&quot;yes&quot;,&quot;pause_on_hover&quot;:&quot;yes&quot;,&quot;pause_on_interaction&quot;:&quot;yes&quot;,&quot;autoplay_speed&quot;:5000,&quot;infinite&quot;:&quot;yes&quot;,&quot;speed&quot;:500,&quot;image_spacing_custom_tablet&quot;:{&quot;unit&quot;:&quot;px&quot;,&quot;size&quot;:&quot;&quot;,&quot;sizes&quot;:[]}}\" data-widget_type=\"image-carousel.default\">\n\t\t\t\t<div class=\"elementor-widget-container\">\n\t\t\t\t\t\t\t<div class=\"elementor-image-carousel-wrapper swiper\" role=\"region\" aria-roledescription=\"carousel\" aria-label=\"Bild Karussell\" dir=\"ltr\">\n\t\t\t<div class=\"elementor-image-carousel swiper-wrapper\" aria-live=\"off\">\n\t\t\t\t\t\t\t\t<div class=\"swiper-slide\" role=\"group\" aria-roledescription=\"slide\" aria-label=\"1 von 6\"><a data-elementor-open-lightbox=\"yes\" data-elementor-lightbox-slideshow=\"65034810\" data-elementor-lightbox-title=\"Ride-on-scooter-rental-vespa-primavera-125cc-2models (1)\" data-e-action-hash=\"#elementor-action%3Aaction%3Dlightbox%26settings%3DeyJpZCI6Mjc2LCJ1cmwiOiJodHRwczpcL1wvcmlkZW9uLmVzXC9kZVwvd3AtY29udGVudFwvdXBsb2Fkc1wvc2l0ZXNcLzE1XC8yMDIwXC8wM1wvUmlkZS1vbi1zY29vdGVyLXJlbnRhbC12ZXNwYS1wcmltYXZlcmEtMTI1Y2MtMm1vZGVscy0xLmpwZyIsInNsaWRlc2hvdyI6IjY1MDM0ODEwIn0%3D\" href=\"https:\/\/rideon.es\/flota\/\"><figure class=\"swiper-slide-inner\"><img decoding=\"async\" class=\"swiper-slide-image\" src=\"https:\/\/rideon.es\/de\/wp-content\/uploads\/sites\/15\/2020\/03\/Ride-on-scooter-rental-vespa-primavera-125cc-2models-1-300x257.jpg\" alt=\"Ride-on-scooter-rental-vespa-primavera-125cc-2models (1)\" \/><\/figure><\/a><\/div><div class=\"swiper-slide\" role=\"group\" aria-roledescription=\"slide\" aria-label=\"2 von 6\"><a data-elementor-open-lightbox=\"yes\" data-elementor-lightbox-slideshow=\"65034810\" data-elementor-lightbox-title=\"Ride-on-scooter-rental-sym-maxsym-400cc-1\" data-e-action-hash=\"#elementor-action%3Aaction%3Dlightbox%26settings%3DeyJpZCI6Mjc0LCJ1cmwiOiJodHRwczpcL1wvcmlkZW9uLmVzXC9kZVwvd3AtY29udGVudFwvdXBsb2Fkc1wvc2l0ZXNcLzE1XC8yMDIwXC8wM1wvUmlkZS1vbi1zY29vdGVyLXJlbnRhbC1zeW0tbWF4c3ltLTQwMGNjLTEuanBnIiwic2xpZGVzaG93IjoiNjUwMzQ4MTAifQ%3D%3D\" href=\"https:\/\/rideon.es\/flota\/\"><figure class=\"swiper-slide-inner\"><img decoding=\"async\" class=\"swiper-slide-image\" src=\"https:\/\/rideon.es\/de\/wp-content\/uploads\/sites\/15\/2020\/03\/Ride-on-scooter-rental-sym-maxsym-400cc-1-300x257.jpg\" alt=\"Ride-on-scooter-rental-sym-maxsym-400cc-1\" \/><\/figure><\/a><\/div><div class=\"swiper-slide\" role=\"group\" aria-roledescription=\"slide\" aria-label=\"3 von 6\"><a data-elementor-open-lightbox=\"yes\" data-elementor-lightbox-slideshow=\"65034810\" data-elementor-lightbox-title=\"Ride-on-scooter-rental-peugeot-tweet-125cc\" data-e-action-hash=\"#elementor-action%3Aaction%3Dlightbox%26settings%3DeyJpZCI6MjczLCJ1cmwiOiJodHRwczpcL1wvcmlkZW9uLmVzXC9kZVwvd3AtY29udGVudFwvdXBsb2Fkc1wvc2l0ZXNcLzE1XC8yMDIwXC8wM1wvUmlkZS1vbi1zY29vdGVyLXJlbnRhbC1wZXVnZW90LXR3ZWV0LTEyNWNjLmpwZyIsInNsaWRlc2hvdyI6IjY1MDM0ODEwIn0%3D\" href=\"https:\/\/rideon.es\/flota\/\"><figure class=\"swiper-slide-inner\"><img decoding=\"async\" class=\"swiper-slide-image\" src=\"https:\/\/rideon.es\/de\/wp-content\/uploads\/sites\/15\/2020\/03\/Ride-on-scooter-rental-peugeot-tweet-125cc-300x257.jpg\" alt=\"Ride-on-scooter-rental-peugeot-tweet-125cc\" \/><\/figure><\/a><\/div><div class=\"swiper-slide\" role=\"group\" aria-roledescription=\"slide\" aria-label=\"4 von 6\"><a data-elementor-open-lightbox=\"yes\" data-elementor-lightbox-slideshow=\"65034810\" data-elementor-lightbox-title=\"Ride-on-scooter-rental-peugeot-satelis-300cc\" data-e-action-hash=\"#elementor-action%3Aaction%3Dlightbox%26settings%3DeyJpZCI6MjcyLCJ1cmwiOiJodHRwczpcL1wvcmlkZW9uLmVzXC9kZVwvd3AtY29udGVudFwvdXBsb2Fkc1wvc2l0ZXNcLzE1XC8yMDIwXC8wM1wvUmlkZS1vbi1zY29vdGVyLXJlbnRhbC1wZXVnZW90LXNhdGVsaXMtMzAwY2MuanBnIiwic2xpZGVzaG93IjoiNjUwMzQ4MTAifQ%3D%3D\" href=\"https:\/\/rideon.es\/flota\/\"><figure class=\"swiper-slide-inner\"><img decoding=\"async\" class=\"swiper-slide-image\" src=\"https:\/\/rideon.es\/de\/wp-content\/uploads\/sites\/15\/2020\/03\/Ride-on-scooter-rental-peugeot-satelis-300cc-300x257.jpg\" alt=\"Ride-on-scooter-rental-peugeot-satelis-300cc\" \/><\/figure><\/a><\/div><div class=\"swiper-slide\" role=\"group\" aria-roledescription=\"slide\" aria-label=\"5 von 6\"><a data-elementor-open-lightbox=\"yes\" data-elementor-lightbox-slideshow=\"65034810\" data-elementor-lightbox-title=\"Ride-on-scooter-rental-kymco-super-dink-125cc\" data-e-action-hash=\"#elementor-action%3Aaction%3Dlightbox%26settings%3DeyJpZCI6MjcxLCJ1cmwiOiJodHRwczpcL1wvcmlkZW9uLmVzXC9kZVwvd3AtY29udGVudFwvdXBsb2Fkc1wvc2l0ZXNcLzE1XC8yMDIwXC8wM1wvUmlkZS1vbi1zY29vdGVyLXJlbnRhbC1reW1jby1zdXBlci1kaW5rLTEyNWNjLmpwZyIsInNsaWRlc2hvdyI6IjY1MDM0ODEwIn0%3D\" href=\"https:\/\/rideon.es\/flota\/\"><figure class=\"swiper-slide-inner\"><img decoding=\"async\" class=\"swiper-slide-image\" src=\"https:\/\/rideon.es\/de\/wp-content\/uploads\/sites\/15\/2020\/03\/Ride-on-scooter-rental-kymco-super-dink-125cc-300x257.jpg\" alt=\"Ride-on-scooter-rental-kymco-super-dink-125cc\" \/><\/figure><\/a><\/div><div class=\"swiper-slide\" role=\"group\" aria-roledescription=\"slide\" aria-label=\"6 von 6\"><a data-elementor-open-lightbox=\"yes\" data-elementor-lightbox-slideshow=\"65034810\" data-elementor-lightbox-title=\"Ride-on-scooter-rental-honda-transalp-xl700cc\" data-e-action-hash=\"#elementor-action%3Aaction%3Dlightbox%26settings%3DeyJpZCI6MjcwLCJ1cmwiOiJodHRwczpcL1wvcmlkZW9uLmVzXC9kZVwvd3AtY29udGVudFwvdXBsb2Fkc1wvc2l0ZXNcLzE1XC8yMDIwXC8wM1wvUmlkZS1vbi1zY29vdGVyLXJlbnRhbC1ob25kYS10cmFuc2FscC14bDcwMGNjLmpwZyIsInNsaWRlc2hvdyI6IjY1MDM0ODEwIn0%3D\" href=\"https:\/\/rideon.es\/flota\/\"><figure class=\"swiper-slide-inner\"><img decoding=\"async\" class=\"swiper-slide-image\" src=\"https:\/\/rideon.es\/de\/wp-content\/uploads\/sites\/15\/2020\/03\/Ride-on-scooter-rental-honda-transalp-xl700cc-300x257.jpg\" alt=\"Ride-on-scooter-rental-honda-transalp-xl700cc\" \/><\/figure><\/a><\/div>\t\t\t<\/div>\n\t\t\t\t\t\t\t\n\t\t\t\t\t\t\t\t\t<div class=\"swiper-pagination\"><\/div>\n\t\t\t\t\t\t\t\t\t<\/div>\n\t\t\t\t\t\t<\/div>\n\t\t\t\t<\/div>\n\t\t\t\t<div class=\"elementor-element elementor-element-4dde081a elementor-align-center rideon-block-flota_button elementor-widget elementor-widget-button\" data-id=\"4dde081a\" data-element_type=\"widget\" data-e-type=\"widget\" data-widget_type=\"button.default\">\n\t\t\t\t<div class=\"elementor-widget-container\">\n\t\t\t\t\t\t\t\t\t<div class=\"elementor-button-wrapper\">\n\t\t\t\t\t<a class=\"elementor-button elementor-button-link elementor-size-sm\" href=\"https:\/\/rideon.es\/flota\/\">\n\t\t\t\t\t\t<span class=\"elementor-button-content-wrapper\">\n\t\t\t\t\t\t\t\t\t<span class=\"elementor-button-text\">Unsere ganze Flotte<\/span>\n\t\t\t\t\t<\/span>\n\t\t\t\t\t<\/a>\n\t\t\t\t<\/div>\n\t\t\t\t\t\t\t\t<\/div>\n\t\t\t\t<\/div>\n\t\t\t\t<div class=\"elementor-element elementor-element-7b6021f7 elementor-widget elementor-widget-spacer\" data-id=\"7b6021f7\" data-element_type=\"widget\" data-e-type=\"widget\" data-widget_type=\"spacer.default\">\n\t\t\t\t<div class=\"elementor-widget-container\">\n\t\t\t\t\t\t\t<div class=\"elementor-spacer\">\n\t\t\t<div class=\"elementor-spacer-inner\"><\/div>\n\t\t<\/div>\n\t\t\t\t\t\t<\/div>\n\t\t\t\t<\/div>\n\t\t\t\t\t<\/div>\n\t\t<\/div>\n\t\t\t\t\t<\/div>\n\t\t<\/section>\n\t\t\t\t<section class=\"elementor-section elementor-top-section elementor-element elementor-element-1456c822 elementor-section-boxed elementor-section-height-default elementor-section-height-default\" data-id=\"1456c822\" data-element_type=\"section\" data-e-type=\"section\">\n\t\t\t\t\t\t<div class=\"elementor-container elementor-column-gap-default\">\n\t\t\t\t\t<div class=\"elementor-column elementor-col-100 elementor-top-column elementor-element elementor-element-429cda87\" data-id=\"429cda87\" data-element_type=\"column\" data-e-type=\"column\">\n\t\t\t<div class=\"elementor-widget-wrap elementor-element-populated\">\n\t\t\t\t\t\t<div class=\"elementor-element elementor-element-1de0df85 elementor-hidden-phone elementor-hidden-tablet elementor-widget elementor-widget-spacer\" data-id=\"1de0df85\" data-element_type=\"widget\" data-e-type=\"widget\" data-widget_type=\"spacer.default\">\n\t\t\t\t<div class=\"elementor-widget-container\">\n\t\t\t\t\t\t\t<div class=\"elementor-spacer\">\n\t\t\t<div class=\"elementor-spacer-inner\"><\/div>\n\t\t<\/div>\n\t\t\t\t\t\t<\/div>\n\t\t\t\t<\/div>\n\t\t\t\t\t<\/div>\n\t\t<\/div>\n\t\t\t\t\t<\/div>\n\t\t<\/section>\n\t\t\t\t<section class=\"elementor-section elementor-top-section elementor-element elementor-element-33d44cac elementor-section-boxed elementor-section-height-default elementor-section-height-default\" data-id=\"33d44cac\" data-element_type=\"section\" data-e-type=\"section\">\n\t\t\t\t\t\t<div class=\"elementor-container elementor-column-gap-default\">\n\t\t\t\t\t<div class=\"elementor-column elementor-col-50 elementor-top-column elementor-element elementor-element-ce62d36\" data-id=\"ce62d36\" data-element_type=\"column\" data-e-type=\"column\">\n\t\t\t<div class=\"elementor-widget-wrap elementor-element-populated\">\n\t\t\t\t\t\t<div class=\"elementor-element elementor-element-67fb78d0 elementor-hidden-tablet elementor-widget elementor-widget-image\" data-id=\"67fb78d0\" data-element_type=\"widget\" data-e-type=\"widget\" data-widget_type=\"image.default\">\n\t\t\t\t<div class=\"elementor-widget-container\">\n\t\t\t\t\t\t\t\t\t\t\t\t\t\t\t\t<a href=\"#\">\n\t\t\t\t\t\t\t<img fetchpriority=\"high\" decoding=\"async\" width=\"587\" height=\"324\" src=\"https:\/\/rideon.es\/de\/wp-content\/uploads\/sites\/15\/2020\/04\/banner_blog_block.png\" class=\"attachment-medium_large size-medium_large wp-image-6911\" alt=\"\" srcset=\"https:\/\/rideon.es\/de\/wp-content\/uploads\/sites\/15\/2020\/04\/banner_blog_block.png 587w, https:\/\/rideon.es\/de\/wp-content\/uploads\/sites\/15\/2020\/04\/banner_blog_block-300x166.png 300w\" sizes=\"(max-width: 587px) 100vw, 587px\" \/>\t\t\t\t\t\t\t\t<\/a>\n\t\t\t\t\t\t\t\t\t\t\t\t\t\t\t<\/div>\n\t\t\t\t<\/div>\n\t\t\t\t<div class=\"elementor-element elementor-element-2317d954 elementor-hidden-desktop elementor-hidden-phone elementor-widget elementor-widget-image\" data-id=\"2317d954\" data-element_type=\"widget\" data-e-type=\"widget\" data-widget_type=\"image.default\">\n\t\t\t\t<div class=\"elementor-widget-container\">\n\t\t\t\t\t\t\t\t\t\t\t\t\t\t\t<img decoding=\"async\" width=\"640\" height=\"139\" src=\"https:\/\/rideon.es\/de\/wp-content\/uploads\/sites\/15\/2020\/03\/banner_blog-1024x222.png\" class=\"attachment-large size-large wp-image-6614\" alt=\"\" srcset=\"https:\/\/rideon.es\/de\/wp-content\/uploads\/sites\/15\/2020\/03\/banner_blog-1024x222.png 1024w, https:\/\/rideon.es\/de\/wp-content\/uploads\/sites\/15\/2020\/03\/banner_blog-300x65.png 300w, https:\/\/rideon.es\/de\/wp-content\/uploads\/sites\/15\/2020\/03\/banner_blog-768x167.png 768w, https:\/\/rideon.es\/de\/wp-content\/uploads\/sites\/15\/2020\/03\/banner_blog.png 1281w\" sizes=\"(max-width: 640px) 100vw, 640px\" \/>\t\t\t\t\t\t\t\t\t\t\t\t\t\t\t<\/div>\n\t\t\t\t<\/div>\n\t\t\t\t\t<\/div>\n\t\t<\/div>\n\t\t\t\t<div class=\"elementor-column elementor-col-50 elementor-top-column elementor-element elementor-element-620a4bb5\" data-id=\"620a4bb5\" data-element_type=\"column\" data-e-type=\"column\" data-settings=\"{&quot;background_background&quot;:&quot;classic&quot;}\">\n\t\t\t<div class=\"elementor-widget-wrap elementor-element-populated\">\n\t\t\t\t\t\t<div class=\"elementor-element elementor-element-eb1e744 elementor-widget elementor-widget-heading\" data-id=\"eb1e744\" data-element_type=\"widget\" data-e-type=\"widget\" data-widget_type=\"heading.default\">\n\t\t\t\t<div class=\"elementor-widget-container\">\n\t\t\t\t\t<h3 class=\"elementor-heading-title elementor-size-default\">Motorradverleih Blog Mallorca<\/h3>\t\t\t\t<\/div>\n\t\t\t\t<\/div>\n\t\t\t\t<div class=\"elementor-element elementor-element-20343059 rideon-block-blog_list elementor-widget elementor-widget-wp-widget-recent-posts\" data-id=\"20343059\" data-element_type=\"widget\" data-e-type=\"widget\" data-widget_type=\"wp-widget-recent-posts.default\">\n\t\t\t\t<div class=\"elementor-widget-container\">\n\t\t\t\t\t\n\t\t\n\t\t<h5>Neueste Beitr\u00e4ge<\/h5>\n\t\t<ul>\n\t\t\t\t\t\t\t\t\t\t\t<li>\n\t\t\t\t\t<a href=\"https:\/\/rideon.es\/de\/verken-de-stad-huur-een-scooter-voor-jouw-reisavontuur\/\">Verken de Stad: Huur een Scooter voor Jouw Reisavontuur!<\/a>\n\t\t\t\t\t\t\t\t\t<\/li>\n\t\t\t\t\t\t\t\t\t\t\t<li>\n\t\t\t\t\t<a href=\"https:\/\/rideon.es\/de\/ontdek-motorverhuur-op-menorca-laat-je-avontuur-beginnen\/\">Ontdek Motorverhuur op Menorca: Laat je Avontuur Beginnen!<\/a>\n\t\t\t\t\t\t\t\t\t<\/li>\n\t\t\t\t\t\t\t\t\t\t\t<li>\n\t\t\t\t\t<a href=\"https:\/\/rideon.es\/de\/entdecken-sie-die-besten-motorradtouren-auf-menorca\/\">Entdecken Sie die besten Motorradtouren auf Menorca<\/a>\n\t\t\t\t\t\t\t\t\t<\/li>\n\t\t\t\t\t\t\t\t\t\t\t<li>\n\t\t\t\t\t<a href=\"https:\/\/rideon.es\/de\/wenn-sie-den-strand-und-etwas-anderes-wollen-ist-menorca-ihre-wahl\/\">Wenn Sie den Strand und etwas anderes wollen, ist Menorca Ihre Wahl<\/a>\n\t\t\t\t\t\t\t\t\t<\/li>\n\t\t\t\t\t\t\t\t\t\t\t<li>\n\t\t\t\t\t<a href=\"https:\/\/rideon.es\/de\/pflegen-sie-ihre-haut-und-geniessen-sie-die-straende-mallorcas\/\">Pflegen Sie Ihre Haut und genie\u00dfen Sie die Str\u00e4nde Mallorcas<\/a>\n\t\t\t\t\t\t\t\t\t<\/li>\n\t\t\t\t\t<\/ul>\n\n\t\t\t\t\t\t<\/div>\n\t\t\t\t<\/div>\n\t\t\t\t\t<\/div>\n\t\t<\/div>\n\t\t\t\t\t<\/div>\n\t\t<\/section>\n\t\t\t\t<section class=\"elementor-section elementor-top-section elementor-element elementor-element-7d8123f2 rideon-block-contacto elementor-section-boxed elementor-section-height-default elementor-section-height-default\" data-id=\"7d8123f2\" data-element_type=\"section\" data-e-type=\"section\">\n\t\t\t\t\t\t<div class=\"elementor-container elementor-column-gap-default\">\n\t\t\t\t\t<div class=\"elementor-column elementor-col-100 elementor-top-column elementor-element elementor-element-56d179fa\" data-id=\"56d179fa\" data-element_type=\"column\" data-e-type=\"column\">\n\t\t\t<div class=\"elementor-widget-wrap elementor-element-populated\">\n\t\t\t\t\t\t<div class=\"elementor-element elementor-element-5b2c4c6a elementor-hidden-phone elementor-hidden-tablet elementor-widget-divider--view-line elementor-widget elementor-widget-divider\" data-id=\"5b2c4c6a\" data-element_type=\"widget\" data-e-type=\"widget\" data-widget_type=\"divider.default\">\n\t\t\t\t<div class=\"elementor-widget-container\">\n\t\t\t\t\t\t\t<div class=\"elementor-divider\">\n\t\t\t<span class=\"elementor-divider-separator\">\n\t\t\t\t\t\t<\/span>\n\t\t<\/div>\n\t\t\t\t\t\t<\/div>\n\t\t\t\t<\/div>\n\t\t\t\t<div class=\"elementor-element elementor-element-363f94c elementor-widget elementor-widget-spacer\" data-id=\"363f94c\" data-element_type=\"widget\" data-e-type=\"widget\" data-widget_type=\"spacer.default\">\n\t\t\t\t<div class=\"elementor-widget-container\">\n\t\t\t\t\t\t\t<div class=\"elementor-spacer\">\n\t\t\t<div class=\"elementor-spacer-inner\"><\/div>\n\t\t<\/div>\n\t\t\t\t\t\t<\/div>\n\t\t\t\t<\/div>\n\t\t\t\t<div class=\"elementor-element elementor-element-484ce7fe elementor-widget elementor-widget-heading\" data-id=\"484ce7fe\" data-element_type=\"widget\" data-e-type=\"widget\" data-widget_type=\"heading.default\">\n\t\t\t\t<div class=\"elementor-widget-container\">\n\t\t\t\t\t<h3 class=\"elementor-heading-title elementor-size-xl\">Irgendwelche Zweifel?<\/h3>\t\t\t\t<\/div>\n\t\t\t\t<\/div>\n\t\t\t\t<div class=\"elementor-element elementor-element-45fd8ff elementor-align-center elementor-widget elementor-widget-button\" data-id=\"45fd8ff\" data-element_type=\"widget\" data-e-type=\"widget\" data-widget_type=\"button.default\">\n\t\t\t\t<div class=\"elementor-widget-container\">\n\t\t\t\t\t\t\t\t\t<div class=\"elementor-button-wrapper\">\n\t\t\t\t\t<a class=\"elementor-button elementor-button-link elementor-size-md\" href=\"https:\/\/rideon.es\/contacto\/\">\n\t\t\t\t\t\t<span class=\"elementor-button-content-wrapper\">\n\t\t\t\t\t\t\t\t\t<span class=\"elementor-button-text\">Wenden Sie sich an Rideon<\/span>\n\t\t\t\t\t<\/span>\n\t\t\t\t\t<\/a>\n\t\t\t\t<\/div>\n\t\t\t\t\t\t\t\t<\/div>\n\t\t\t\t<\/div>\n\t\t\t\t<div class=\"elementor-element elementor-element-72bc8a8b elementor-widget elementor-widget-spacer\" data-id=\"72bc8a8b\" data-element_type=\"widget\" data-e-type=\"widget\" data-widget_type=\"spacer.default\">\n\t\t\t\t<div class=\"elementor-widget-container\">\n\t\t\t\t\t\t\t<div class=\"elementor-spacer\">\n\t\t\t<div class=\"elementor-spacer-inner\"><\/div>\n\t\t<\/div>\n\t\t\t\t\t\t<\/div>\n\t\t\t\t<\/div>\n\t\t\t\t\t<\/div>\n\t\t<\/div>\n\t\t\t\t\t<\/div>\n\t\t<\/section>\n\t\t\t\t<\/div>\n\t\t","protected":false},"excerpt":{"rendered":"<p>Motorradverleih f\u00fcr Unternehmen auf Mallorca Suchen Sie ein Motorrad f\u00fcr Ihr Unternehmen? Wir haben die L\u00f6sung f\u00fcr Fachleute, Freiberufler und Unternehmen, die eine Mobilit\u00e4tsl\u00f6sung f\u00fcr ihre Mitarbeiter und Angestellten suchen. Dank Motorradverleih f\u00fcr Unternehmen k\u00f6nnen Sie viele Vorteile genie\u00dfen. Steuervorteile Steigern Sie Ihre Flotte schnell Anpassungsoptionen Optionaler Lieferkoffer Ride On MALLORCA Carrer d\u2019Espartero, 13 07014<\/p>\n","protected":false},"author":2,"featured_media":0,"parent":0,"menu_order":0,"comment_status":"closed","ping_status":"closed","template":"mybooking-parts\/mybooking-empty.php","meta":{"inline_featured_image":false,"footnotes":""},"class_list":["post-6533","page","type-page","status-publish","hentry"],"yoast_head":"<!-- This site is optimized with the Yoast SEO Premium plugin v18.7 (Yoast SEO v27.5) - https:\/\/yoast.com\/product\/yoast-seo-premium-wordpress\/ -->\n<title>Motorradverleih Mallorca Langzeitunternehmen - Roller mieten auf Barcelona, Mallorca, Menorca - Ride On Scooter Rental<\/title>\n<meta name=\"robots\" content=\"index, follow, max-snippet:-1, max-image-preview:large, max-video-preview:-1\" \/>\n<link rel=\"canonical\" href=\"https:\/\/rideon.es\/de\/motorradverleih-mallorca-langzeitunternehmen\/\" \/>\n<meta property=\"og:locale\" content=\"de_DE\" \/>\n<meta property=\"og:type\" content=\"article\" \/>\n<meta property=\"og:title\" content=\"Motorradverleih Mallorca Langzeitunternehmen\" \/>\n<meta property=\"og:description\" content=\"Motorradverleih f\u00fcr Unternehmen auf Mallorca Suchen Sie ein Motorrad f\u00fcr Ihr Unternehmen? Wir haben die L\u00f6sung f\u00fcr Fachleute, Freiberufler und Unternehmen, die eine Mobilit\u00e4tsl\u00f6sung f\u00fcr ihre Mitarbeiter und Angestellten suchen. Dank Motorradverleih f\u00fcr Unternehmen k\u00f6nnen Sie viele Vorteile genie\u00dfen. Steuervorteile Steigern Sie Ihre Flotte schnell Anpassungsoptionen Optionaler Lieferkoffer Ride On MALLORCA Carrer d\u2019Espartero, 13 07014\" \/>\n<meta property=\"og:url\" content=\"https:\/\/rideon.es\/de\/motorradverleih-mallorca-langzeitunternehmen\/\" \/>\n<meta property=\"og:site_name\" content=\"Roller mieten auf Barcelona, Mallorca, Menorca - Ride On Scooter Rental\" \/>\n<meta property=\"article:modified_time\" content=\"2020-04-20T12:05:38+00:00\" \/>\n<meta property=\"og:image\" content=\"https:\/\/rideon.es\/de\/wp-content\/uploads\/sites\/15\/2020\/03\/Ride-on-scooter-rental-vespa-primavera-125cc-2models-1-300x257.jpg\" \/>\n<meta name=\"twitter:card\" content=\"summary_large_image\" \/>\n<meta name=\"twitter:label1\" content=\"Gesch\u00e4tzte Lesezeit\" \/>\n\t<meta name=\"twitter:data1\" content=\"1\u00a0Minute\" \/>\n<script type=\"application\/ld+json\" class=\"yoast-schema-graph\">{\"@context\":\"https:\\\/\\\/schema.org\",\"@graph\":[{\"@type\":\"WebPage\",\"@id\":\"https:\\\/\\\/rideon.es\\\/de\\\/motorradverleih-mallorca-langzeitunternehmen\\\/\",\"url\":\"https:\\\/\\\/rideon.es\\\/de\\\/motorradverleih-mallorca-langzeitunternehmen\\\/\",\"name\":\"Motorradverleih Mallorca Langzeitunternehmen - Roller mieten auf Barcelona, Mallorca, Menorca - Ride On Scooter Rental\",\"isPartOf\":{\"@id\":\"https:\\\/\\\/rideon.es\\\/de\\\/#website\"},\"primaryImageOfPage\":{\"@id\":\"https:\\\/\\\/rideon.es\\\/de\\\/motorradverleih-mallorca-langzeitunternehmen\\\/#primaryimage\"},\"image\":{\"@id\":\"https:\\\/\\\/rideon.es\\\/de\\\/motorradverleih-mallorca-langzeitunternehmen\\\/#primaryimage\"},\"thumbnailUrl\":\"https:\\\/\\\/rideon.es\\\/de\\\/wp-content\\\/uploads\\\/sites\\\/15\\\/2020\\\/03\\\/Ride-on-scooter-rental-vespa-primavera-125cc-2models-1-300x257.jpg\",\"datePublished\":\"2020-03-25T12:53:56+00:00\",\"dateModified\":\"2020-04-20T12:05:38+00:00\",\"inLanguage\":\"de\",\"potentialAction\":[{\"@type\":\"ReadAction\",\"target\":[\"https:\\\/\\\/rideon.es\\\/de\\\/motorradverleih-mallorca-langzeitunternehmen\\\/\"]}]},{\"@type\":\"ImageObject\",\"inLanguage\":\"de\",\"@id\":\"https:\\\/\\\/rideon.es\\\/de\\\/motorradverleih-mallorca-langzeitunternehmen\\\/#primaryimage\",\"url\":\"https:\\\/\\\/rideon.es\\\/de\\\/wp-content\\\/uploads\\\/sites\\\/15\\\/2020\\\/03\\\/Ride-on-scooter-rental-vespa-primavera-125cc-2models-1.jpg\",\"contentUrl\":\"https:\\\/\\\/rideon.es\\\/de\\\/wp-content\\\/uploads\\\/sites\\\/15\\\/2020\\\/03\\\/Ride-on-scooter-rental-vespa-primavera-125cc-2models-1.jpg\",\"width\":555,\"height\":476},{\"@type\":\"WebSite\",\"@id\":\"https:\\\/\\\/rideon.es\\\/de\\\/#website\",\"url\":\"https:\\\/\\\/rideon.es\\\/de\\\/\",\"name\":\"Roller mieten auf Barcelona, Mallorca, Menorca - Ride On Scooter Rental\",\"description\":\"Alquiler de scooters en Barcelona, Menorca, Mallorca y Madrid\",\"publisher\":{\"@id\":\"https:\\\/\\\/rideon.es\\\/de\\\/#organization\"},\"potentialAction\":[{\"@type\":\"SearchAction\",\"target\":{\"@type\":\"EntryPoint\",\"urlTemplate\":\"https:\\\/\\\/rideon.es\\\/de\\\/?s={search_term_string}\"},\"query-input\":{\"@type\":\"PropertyValueSpecification\",\"valueRequired\":true,\"valueName\":\"search_term_string\"}}],\"inLanguage\":\"de\"},{\"@type\":\"Organization\",\"@id\":\"https:\\\/\\\/rideon.es\\\/de\\\/#organization\",\"name\":\"Roller mieten auf Barcelona, Mallorca, Menorca - Ride On Scooter Rental\",\"url\":\"https:\\\/\\\/rideon.es\\\/de\\\/\",\"logo\":{\"@type\":\"ImageObject\",\"inLanguage\":\"de\",\"@id\":\"https:\\\/\\\/rideon.es\\\/de\\\/#\\\/schema\\\/logo\\\/image\\\/\",\"url\":\"https:\\\/\\\/rideon.es\\\/de\\\/wp-content\\\/uploads\\\/sites\\\/15\\\/2020\\\/02\\\/rideon_logo-200x78-1.png\",\"contentUrl\":\"https:\\\/\\\/rideon.es\\\/de\\\/wp-content\\\/uploads\\\/sites\\\/15\\\/2020\\\/02\\\/rideon_logo-200x78-1.png\",\"width\":200,\"height\":78,\"caption\":\"Roller mieten auf Barcelona, Mallorca, Menorca - Ride On Scooter Rental\"},\"image\":{\"@id\":\"https:\\\/\\\/rideon.es\\\/de\\\/#\\\/schema\\\/logo\\\/image\\\/\"}}]}<\/script>\n<!-- \/ Yoast SEO Premium plugin. -->","yoast_head_json":{"title":"Motorradverleih Mallorca Langzeitunternehmen - Roller mieten auf Barcelona, Mallorca, Menorca - Ride On Scooter Rental","robots":{"index":"index","follow":"follow","max-snippet":"max-snippet:-1","max-image-preview":"max-image-preview:large","max-video-preview":"max-video-preview:-1"},"canonical":"https:\/\/rideon.es\/de\/motorradverleih-mallorca-langzeitunternehmen\/","og_locale":"de_DE","og_type":"article","og_title":"Motorradverleih Mallorca Langzeitunternehmen","og_description":"Motorradverleih f\u00fcr Unternehmen auf Mallorca Suchen Sie ein Motorrad f\u00fcr Ihr Unternehmen? Wir haben die L\u00f6sung f\u00fcr Fachleute, Freiberufler und Unternehmen, die eine Mobilit\u00e4tsl\u00f6sung f\u00fcr ihre Mitarbeiter und Angestellten suchen. Dank Motorradverleih f\u00fcr Unternehmen k\u00f6nnen Sie viele Vorteile genie\u00dfen. Steuervorteile Steigern Sie Ihre Flotte schnell Anpassungsoptionen Optionaler Lieferkoffer Ride On MALLORCA Carrer d\u2019Espartero, 13 07014","og_url":"https:\/\/rideon.es\/de\/motorradverleih-mallorca-langzeitunternehmen\/","og_site_name":"Roller mieten auf Barcelona, Mallorca, Menorca - Ride On Scooter Rental","article_modified_time":"2020-04-20T12:05:38+00:00","og_image":[{"url":"https:\/\/rideon.es\/de\/wp-content\/uploads\/sites\/15\/2020\/03\/Ride-on-scooter-rental-vespa-primavera-125cc-2models-1-300x257.jpg","type":"","width":"","height":""}],"twitter_card":"summary_large_image","twitter_misc":{"Gesch\u00e4tzte Lesezeit":"1\u00a0Minute"},"schema":{"@context":"https:\/\/schema.org","@graph":[{"@type":"WebPage","@id":"https:\/\/rideon.es\/de\/motorradverleih-mallorca-langzeitunternehmen\/","url":"https:\/\/rideon.es\/de\/motorradverleih-mallorca-langzeitunternehmen\/","name":"Motorradverleih Mallorca Langzeitunternehmen - Roller mieten auf Barcelona, Mallorca, Menorca - Ride On Scooter Rental","isPartOf":{"@id":"https:\/\/rideon.es\/de\/#website"},"primaryImageOfPage":{"@id":"https:\/\/rideon.es\/de\/motorradverleih-mallorca-langzeitunternehmen\/#primaryimage"},"image":{"@id":"https:\/\/rideon.es\/de\/motorradverleih-mallorca-langzeitunternehmen\/#primaryimage"},"thumbnailUrl":"https:\/\/rideon.es\/de\/wp-content\/uploads\/sites\/15\/2020\/03\/Ride-on-scooter-rental-vespa-primavera-125cc-2models-1-300x257.jpg","datePublished":"2020-03-25T12:53:56+00:00","dateModified":"2020-04-20T12:05:38+00:00","inLanguage":"de","potentialAction":[{"@type":"ReadAction","target":["https:\/\/rideon.es\/de\/motorradverleih-mallorca-langzeitunternehmen\/"]}]},{"@type":"ImageObject","inLanguage":"de","@id":"https:\/\/rideon.es\/de\/motorradverleih-mallorca-langzeitunternehmen\/#primaryimage","url":"https:\/\/rideon.es\/de\/wp-content\/uploads\/sites\/15\/2020\/03\/Ride-on-scooter-rental-vespa-primavera-125cc-2models-1.jpg","contentUrl":"https:\/\/rideon.es\/de\/wp-content\/uploads\/sites\/15\/2020\/03\/Ride-on-scooter-rental-vespa-primavera-125cc-2models-1.jpg","width":555,"height":476},{"@type":"WebSite","@id":"https:\/\/rideon.es\/de\/#website","url":"https:\/\/rideon.es\/de\/","name":"Roller mieten auf Barcelona, Mallorca, Menorca - Ride On Scooter Rental","description":"Alquiler de scooters en Barcelona, Menorca, Mallorca y Madrid","publisher":{"@id":"https:\/\/rideon.es\/de\/#organization"},"potentialAction":[{"@type":"SearchAction","target":{"@type":"EntryPoint","urlTemplate":"https:\/\/rideon.es\/de\/?s={search_term_string}"},"query-input":{"@type":"PropertyValueSpecification","valueRequired":true,"valueName":"search_term_string"}}],"inLanguage":"de"},{"@type":"Organization","@id":"https:\/\/rideon.es\/de\/#organization","name":"Roller mieten auf Barcelona, Mallorca, Menorca - Ride On Scooter Rental","url":"https:\/\/rideon.es\/de\/","logo":{"@type":"ImageObject","inLanguage":"de","@id":"https:\/\/rideon.es\/de\/#\/schema\/logo\/image\/","url":"https:\/\/rideon.es\/de\/wp-content\/uploads\/sites\/15\/2020\/02\/rideon_logo-200x78-1.png","contentUrl":"https:\/\/rideon.es\/de\/wp-content\/uploads\/sites\/15\/2020\/02\/rideon_logo-200x78-1.png","width":200,"height":78,"caption":"Roller mieten auf Barcelona, Mallorca, Menorca - Ride On Scooter Rental"},"image":{"@id":"https:\/\/rideon.es\/de\/#\/schema\/logo\/image\/"}}]}},"_links":{"self":[{"href":"https:\/\/rideon.es\/de\/wp-json\/wp\/v2\/pages\/6533","targetHints":{"allow":["GET"]}}],"collection":[{"href":"https:\/\/rideon.es\/de\/wp-json\/wp\/v2\/pages"}],"about":[{"href":"https:\/\/rideon.es\/de\/wp-json\/wp\/v2\/types\/page"}],"author":[{"embeddable":true,"href":"https:\/\/rideon.es\/de\/wp-json\/wp\/v2\/users\/2"}],"replies":[{"embeddable":true,"href":"https:\/\/rideon.es\/de\/wp-json\/wp\/v2\/comments?post=6533"}],"version-history":[{"count":13,"href":"https:\/\/rideon.es\/de\/wp-json\/wp\/v2\/pages\/6533\/revisions"}],"predecessor-version":[{"id":7306,"href":"https:\/\/rideon.es\/de\/wp-json\/wp\/v2\/pages\/6533\/revisions\/7306"}],"wp:attachment":[{"href":"https:\/\/rideon.es\/de\/wp-json\/wp\/v2\/media?parent=6533"}],"curies":[{"name":"wp","href":"https:\/\/api.w.org\/{rel}","templated":true}]}}